{"id":32,"date":"2022-03-09T02:29:51","date_gmt":"2022-03-09T02:29:51","guid":{"rendered":"http:\/\/www.velasdulceesencia.com\/blog\/inicio\/"},"modified":"2022-03-11T02:11:02","modified_gmt":"2022-03-11T02:11:02","slug":"inicio","status":"publish","type":"page","link":"http:\/\/www.velasdulceesencia.com\/blog\/","title":{"rendered":"Inicio"},"content":{"rendered":"\n<figure class=\"wp-block-gallery alignwide has-nested-images columns-default is-cropped mt-0\">\n<figure class=\"wp-block-image size-full\"><img loading=\"lazy\" width=\"1000\" height=\"667\" data-id=\"82\"  src=\"http:\/\/www.velasdulceesencia.com\/blog\/wp-content\/uploads\/2022\/03\/IMG_08322-1.jpg\" alt=\"\" class=\"wp-image-82\" srcset=\"http:\/\/www.velasdulceesencia.com\/blog\/wp-content\/uploads\/2022\/03\/IMG_08322-1.jpg 1000w, http:\/\/www.velasdulceesencia.com\/blog\/wp-content\/uploads\/2022\/03\/IMG_08322-1-300x200.jpg 300w, http:\/\/www.velasdulceesencia.com\/blog\/wp-content\/uploads\/2022\/03\/IMG_08322-1-768x512.jpg 768w, http:\/\/www.velasdulceesencia.com\/blog\/wp-content\/uploads\/2022\/03\/IMG_08322-1-600x400.jpg 600w\" sizes=\"(max-width: 1000px) 100vw, 1000px\" \/><\/figure>\n\n\n\n<figure class=\"wp-block-image size-full\"><img loading=\"lazy\" width=\"1000\" height=\"667\" data-id=\"86\"  src=\"http:\/\/www.velasdulceesencia.com\/blog\/wp-content\/uploads\/2022\/03\/Copia-de-IMG_0861.jpg\" alt=\"\" class=\"wp-image-86\" srcset=\"http:\/\/www.velasdulceesencia.com\/blog\/wp-content\/uploads\/2022\/03\/Copia-de-IMG_0861.jpg 1000w, http:\/\/www.velasdulceesencia.com\/blog\/wp-content\/uploads\/2022\/03\/Copia-de-IMG_0861-300x200.jpg 300w, http:\/\/www.velasdulceesencia.com\/blog\/wp-content\/uploads\/2022\/03\/Copia-de-IMG_0861-768x512.jpg 768w, http:\/\/www.velasdulceesencia.com\/blog\/wp-content\/uploads\/2022\/03\/Copia-de-IMG_0861-600x400.jpg 600w\" sizes=\"(max-width: 1000px) 100vw, 1000px\" \/><\/figure>\n\n\n\n<figure class=\"wp-block-image size-full\"><img loading=\"lazy\" width=\"434\" height=\"667\" data-id=\"88\"  src=\"http:\/\/www.velasdulceesencia.com\/blog\/wp-content\/uploads\/2022\/03\/Copia-de-IMG_0888-1.jpg\" alt=\"\" class=\"wp-image-88\" srcset=\"http:\/\/www.velasdulceesencia.com\/blog\/wp-content\/uploads\/2022\/03\/Copia-de-IMG_0888-1.jpg 434w, http:\/\/www.velasdulceesencia.com\/blog\/wp-content\/uploads\/2022\/03\/Copia-de-IMG_0888-1-195x300.jpg 195w\" sizes=\"(max-width: 434px) 100vw, 434px\" \/><\/figure>\n<\/figure>\n\n\n\n<h2 class=\"has-text-align-center\">\u00abNos complace que hayas venido. Qu\u00e9date y mira lo que hay. Encontrar\u00e1s inspiraci\u00f3n y Paz.\u00bb<\/h2>\n\n\n\n<div class=\"wp-block-button aligncenter\"><a class=\"wp-block-button__link\" href=\"http:\/\/www.velasdulceesencia.com\/blog\/contacto\/\">Insp\u00edrate<\/a><\/div>\n\n\n\n<div class=\"wp-container-1 wp-block-group alignwide\"><div class=\"wp-block-group__inner-container\">\n<div class=\"wp-block-columns alignwide\">\n<div class=\"wp-block-column\">\n<h3 class=\"has-text-align-center\">Construidas desde cero<\/h3>\n\n\n\n<p class=\"has-text-align-center\">\u00ab<em>Peque\u00f1a rese\u00f1a explicativa<\/em>\u00ab<\/p>\n<\/div>\n\n\n\n<div class=\"wp-block-column\">\n<h3 class=\"has-text-align-center\">Velas + Comunidad<\/h3>\n\n\n\n<p class=\"has-text-align-center\">La velas y su olor tienen una habilidad especial de generar en las personas un ambiente tranquilo c\u00e1lido y muchas veces rom\u00e1ntico.<\/p>\n<\/div>\n\n\n\n<div class=\"wp-block-column\">\n<h3 class=\"has-text-align-center\">Olores de anta\u00f1o<\/h3>\n\n\n\n<p class=\"has-text-align-center\">Te preguntaras muchas veces \u00bfPor qu\u00e9 los olores evocan recuerdos? la respuesta a esta duda es porque existe un \u00f3rgano en nuestro sistema l\u00edmbico que conecta ese aroma con una emoci\u00f3n y el hipocampo (Queda en el cerebro) relaciona ese aroma con un recuerdo.<\/p>\n<\/div>\n<\/div>\n<\/div><\/div>\n\n\n\n<hr class=\"wp-block-separator is-style-dots\"\/>\n\n\n\n<div class=\"wp-block-columns\"><\/div>\n\n\n\n<figure class=\"wp-block-image alignfull size-large\"><img loading=\"lazy\" width=\"1024\" height=\"432\" src=\"http:\/\/www.velasdulceesencia.com\/blog\/wp-content\/uploads\/2022\/03\/IMG_07199-1024x432.jpg\" alt=\"\" class=\"wp-image-99\" srcset=\"http:\/\/www.velasdulceesencia.com\/blog\/wp-content\/uploads\/2022\/03\/IMG_07199-1024x432.jpg 1024w, http:\/\/www.velasdulceesencia.com\/blog\/wp-content\/uploads\/2022\/03\/IMG_07199-300x127.jpg 300w, http:\/\/www.velasdulceesencia.com\/blog\/wp-content\/uploads\/2022\/03\/IMG_07199-768x324.jpg 768w, http:\/\/www.velasdulceesencia.com\/blog\/wp-content\/uploads\/2022\/03\/IMG_07199-1536x648.jpg 1536w, http:\/\/www.velasdulceesencia.com\/blog\/wp-content\/uploads\/2022\/03\/IMG_07199-2048x864.jpg 2048w, http:\/\/www.velasdulceesencia.com\/blog\/wp-content\/uploads\/2022\/03\/IMG_07199-600x253.jpg 600w\" sizes=\"(max-width: 1024px) 100vw, 1024px\" \/><\/figure>\n","protected":false},"excerpt":{"rendered":"<p>\u00abNos complace que hayas venido. Qu\u00e9date y mira lo que hay. Encontrar\u00e1s inspiraci\u00f3n y Paz.\u00bb Construidas desde cero \u00abPeque\u00f1a rese\u00f1a explicativa\u00ab Velas + Comunidad La velas y su olor tienen una habilidad especial de generar en las personas un ambiente tranquilo c\u00e1lido y muchas veces rom\u00e1ntico. Olores de anta\u00f1o Te preguntaras muchas veces \u00bfPor qu\u00e9 [&hellip;]<\/p>\n","protected":false},"author":1,"featured_media":0,"parent":0,"menu_order":0,"comment_status":"closed","ping_status":"closed","template":"","meta":{"_coblocks_attr":"","_coblocks_dimensions":"","_coblocks_responsive_height":"","_coblocks_accordion_ie_support":"","hide_page_title":""},"_links":{"self":[{"href":"http:\/\/www.velasdulceesencia.com\/blog\/wp-json\/wp\/v2\/pages\/32"}],"collection":[{"href":"http:\/\/www.velasdulceesencia.com\/blog\/wp-json\/wp\/v2\/pages"}],"about":[{"href":"http:\/\/www.velasdulceesencia.com\/blog\/wp-json\/wp\/v2\/types\/page"}],"author":[{"embeddable":true,"href":"http:\/\/www.velasdulceesencia.com\/blog\/wp-json\/wp\/v2\/users\/1"}],"replies":[{"embeddable":true,"href":"http:\/\/www.velasdulceesencia.com\/blog\/wp-json\/wp\/v2\/comments?post=32"}],"version-history":[{"count":7,"href":"http:\/\/www.velasdulceesencia.com\/blog\/wp-json\/wp\/v2\/pages\/32\/revisions"}],"predecessor-version":[{"id":103,"href":"http:\/\/www.velasdulceesencia.com\/blog\/wp-json\/wp\/v2\/pages\/32\/revisions\/103"}],"wp:attachment":[{"href":"http:\/\/www.velasdulceesencia.com\/blog\/wp-json\/wp\/v2\/media?parent=32"}],"curies":[{"name":"wp","href":"https:\/\/api.w.org\/{rel}","templated":true}]}}